{"id":1467,"date":"2024-07-01T11:31:22","date_gmt":"2024-07-01T09:31:22","guid":{"rendered":"https:\/\/vsneumarkt.ac.at\/?page_id=1467"},"modified":"2025-09-11T09:01:32","modified_gmt":"2025-09-11T07:01:32","slug":"archiv-2023-24","status":"publish","type":"page","link":"http:\/\/vsneumarkt.ac.at\/?page_id=1467","title":{"rendered":"Archiv ab 2023"},"content":{"rendered":"\n<div class=\"wp-block-columns is-layout-flex wp-container-core-columns-is-layout-9d6595d7 wp-block-columns-is-layout-flex\">\n<div class=\"wp-block-column is-layout-flow wp-block-column-is-layout-flow\" style=\"flex-basis:100%\"><\/div>\n<\/div>\n\n\n\n<div class=\"wp-block-group\"><div class=\"wp-block-group__inner-container is-layout-constrained wp-block-group-is-layout-constrained\">\n<div class=\"wp-block-columns is-layout-flex wp-container-core-columns-is-layout-9d6595d7 wp-block-columns-is-layout-flex\">\n<div class=\"wp-block-column is-layout-flow wp-block-column-is-layout-flow\" style=\"flex-basis:100%\">\n<div class=\"wp-block-group\"><div class=\"wp-block-group__inner-container is-layout-constrained wp-block-group-is-layout-constrained\"><ul class=\"wp-block-latest-posts__list is-grid columns-3 wp-block-latest-posts has-normal-font-size\"><li><div class=\"wp-block-latest-posts__featured-image\"><img loading=\"lazy\" decoding=\"async\" width=\"150\" height=\"150\" src=\"http:\/\/vsneumarkt.ac.at\/wp-content\/uploads\/2025\/06\/WhatsApp-Bild-2025-06-10-um-18.42.49_8bb0d8d4-150x150.jpg\" class=\"attachment-thumbnail size-thumbnail wp-post-image\" alt=\"\" style=\"\" srcset=\"http:\/\/vsneumarkt.ac.at\/wp-content\/uploads\/2025\/06\/WhatsApp-Bild-2025-06-10-um-18.42.49_8bb0d8d4-150x150.jpg 150w, http:\/\/vsneumarkt.ac.at\/wp-content\/uploads\/2025\/06\/WhatsApp-Bild-2025-06-10-um-18.42.49_8bb0d8d4-88x88.jpg 88w\" sizes=\"auto, (max-width: 150px) 100vw, 150px\" \/><\/div><a class=\"wp-block-latest-posts__post-title\" href=\"http:\/\/vsneumarkt.ac.at\/?p=1990\">Radworkshop \u2013 Sicher mit dem Fahrrad unterwegs<\/a><div class=\"wp-block-latest-posts__post-excerpt\">Unsere Sch\u00fclerinnen und Sch\u00fcler haben im Rahmen der Verkehrserziehung beim Radworkshop wichtige Grundlagen f\u00fcr sicheres Verhalten im Stra\u00dfenverkehr ge\u00fcbt.Trainiert wurden\u2026\u00a0<a class=\"wp-block-latest-posts__read-more\" href=\"http:\/\/vsneumarkt.ac.at\/?p=1990\" rel=\"noopener noreferrer\"><span class=\"screen-reader-text\">Radworkshop \u2013 Sicher mit dem Fahrrad unterwegs <\/span>weiterlesen<\/a><\/div><\/li>\n<li><div class=\"wp-block-latest-posts__featured-image\"><img loading=\"lazy\" decoding=\"async\" width=\"150\" height=\"150\" src=\"http:\/\/vsneumarkt.ac.at\/wp-content\/uploads\/2025\/06\/IMG-20250615-WA0049-150x150.jpg\" class=\"attachment-thumbnail size-thumbnail wp-post-image\" alt=\"\" style=\"\" srcset=\"http:\/\/vsneumarkt.ac.at\/wp-content\/uploads\/2025\/06\/IMG-20250615-WA0049-150x150.jpg 150w, http:\/\/vsneumarkt.ac.at\/wp-content\/uploads\/2025\/06\/IMG-20250615-WA0049-88x88.jpg 88w\" sizes=\"auto, (max-width: 150px) 100vw, 150px\" \/><\/div><a class=\"wp-block-latest-posts__post-title\" href=\"http:\/\/vsneumarkt.ac.at\/?p=1983\">Hallo Auto<\/a><div class=\"wp-block-latest-posts__post-excerpt\">Reaktionsweg + Bremsweg = Anhalteweghie\u00df die Zauberformel bei der Verkehrserziehung.Die Kinder setzten sich spielerisch mit diesen Begriffen auseinander.Highlight war das\u2026\u00a0<a class=\"wp-block-latest-posts__read-more\" href=\"http:\/\/vsneumarkt.ac.at\/?p=1983\" rel=\"noopener noreferrer\"><span class=\"screen-reader-text\">Hallo Auto <\/span>weiterlesen<\/a><\/div><\/li>\n<li><div class=\"wp-block-latest-posts__featured-image\"><img loading=\"lazy\" decoding=\"async\" width=\"150\" height=\"150\" src=\"http:\/\/vsneumarkt.ac.at\/wp-content\/uploads\/2025\/06\/IMG_1959-150x150.jpg\" class=\"attachment-thumbnail size-thumbnail wp-post-image\" alt=\"\" style=\"\" srcset=\"http:\/\/vsneumarkt.ac.at\/wp-content\/uploads\/2025\/06\/IMG_1959-150x150.jpg 150w, http:\/\/vsneumarkt.ac.at\/wp-content\/uploads\/2025\/06\/IMG_1959-88x88.jpg 88w\" sizes=\"auto, (max-width: 150px) 100vw, 150px\" \/><\/div><a class=\"wp-block-latest-posts__post-title\" href=\"http:\/\/vsneumarkt.ac.at\/?p=1972\">Strau\u00dfenfarm Winklarn<\/a><div class=\"wp-block-latest-posts__post-excerpt\">Ein aufregender Ausflug f\u00fchrte die 2. Klassen zur Strau\u00dfenfarm in Winklarn. Dort konnten die Kinder die imposanten V\u00f6gel aus n\u00e4chster\u2026\u00a0<a class=\"wp-block-latest-posts__read-more\" href=\"http:\/\/vsneumarkt.ac.at\/?p=1972\" rel=\"noopener noreferrer\"><span class=\"screen-reader-text\">Strau\u00dfenfarm Winklarn <\/span>weiterlesen<\/a><\/div><\/li>\n<li><div class=\"wp-block-latest-posts__featured-image\"><img loading=\"lazy\" decoding=\"async\" width=\"150\" height=\"150\" src=\"http:\/\/vsneumarkt.ac.at\/wp-content\/uploads\/2025\/06\/PHOTO-2025-06-10-14-25-24-150x150.jpg\" class=\"attachment-thumbnail size-thumbnail wp-post-image\" alt=\"\" style=\"\" srcset=\"http:\/\/vsneumarkt.ac.at\/wp-content\/uploads\/2025\/06\/PHOTO-2025-06-10-14-25-24-150x150.jpg 150w, http:\/\/vsneumarkt.ac.at\/wp-content\/uploads\/2025\/06\/PHOTO-2025-06-10-14-25-24-88x88.jpg 88w\" sizes=\"auto, (max-width: 150px) 100vw, 150px\" \/><\/div><a class=\"wp-block-latest-posts__post-title\" href=\"http:\/\/vsneumarkt.ac.at\/?p=1964\">Nassfilzen im Werkunterricht<\/a><div class=\"wp-block-latest-posts__post-excerpt\">In den vergangenen Wochen haben die Kinder der zweiten Klassen flei\u00dfig mit der Nassfilztechnik gearbeitet. Dabei gestalteten sie Seifen, die\u2026\u00a0<a class=\"wp-block-latest-posts__read-more\" href=\"http:\/\/vsneumarkt.ac.at\/?p=1964\" rel=\"noopener noreferrer\"><span class=\"screen-reader-text\">Nassfilzen im Werkunterricht <\/span>weiterlesen<\/a><\/div><\/li>\n<li><div class=\"wp-block-latest-posts__featured-image\"><img loading=\"lazy\" decoding=\"async\" width=\"150\" height=\"150\" src=\"http:\/\/vsneumarkt.ac.at\/wp-content\/uploads\/2025\/06\/PHOTO-2025-06-05-20-33-55-150x150.jpg\" class=\"attachment-thumbnail size-thumbnail wp-post-image\" alt=\"\" style=\"\" srcset=\"http:\/\/vsneumarkt.ac.at\/wp-content\/uploads\/2025\/06\/PHOTO-2025-06-05-20-33-55-150x150.jpg 150w, http:\/\/vsneumarkt.ac.at\/wp-content\/uploads\/2025\/06\/PHOTO-2025-06-05-20-33-55-88x88.jpg 88w\" sizes=\"auto, (max-width: 150px) 100vw, 150px\" \/><\/div><a class=\"wp-block-latest-posts__post-title\" href=\"http:\/\/vsneumarkt.ac.at\/?p=1956\">Lesenacht\/ Kraftwerk Theiss<\/a><div class=\"wp-block-latest-posts__post-excerpt\">Unsere vierten Klassen unternahmen einen Ausflug zum Kraftwerk Theiss mit anschlie\u00dfender \u00dcbernachtung. Vor Ort erhielten die Kinder spannende Einblicke in\u2026\u00a0<a class=\"wp-block-latest-posts__read-more\" href=\"http:\/\/vsneumarkt.ac.at\/?p=1956\" rel=\"noopener noreferrer\"><span class=\"screen-reader-text\">Lesenacht\/ Kraftwerk Theiss <\/span>weiterlesen<\/a><\/div><\/li>\n<li><div class=\"wp-block-latest-posts__featured-image\"><img loading=\"lazy\" decoding=\"async\" width=\"150\" height=\"150\" src=\"http:\/\/vsneumarkt.ac.at\/wp-content\/uploads\/2025\/06\/PHOTO-2025-06-10-15-47-12-1-150x150.jpg\" class=\"attachment-thumbnail size-thumbnail wp-post-image\" alt=\"\" style=\"\" srcset=\"http:\/\/vsneumarkt.ac.at\/wp-content\/uploads\/2025\/06\/PHOTO-2025-06-10-15-47-12-1-150x150.jpg 150w, http:\/\/vsneumarkt.ac.at\/wp-content\/uploads\/2025\/06\/PHOTO-2025-06-10-15-47-12-1-300x297.jpg 300w, http:\/\/vsneumarkt.ac.at\/wp-content\/uploads\/2025\/06\/PHOTO-2025-06-10-15-47-12-1-88x88.jpg 88w\" sizes=\"auto, (max-width: 150px) 100vw, 150px\" \/><\/div><a class=\"wp-block-latest-posts__post-title\" href=\"http:\/\/vsneumarkt.ac.at\/?p=1951\">Melk<\/a><div class=\"wp-block-latest-posts__post-excerpt\">Bei strahlendem Wetter unternahmen die 3. Klassen mit dem Zug einen Ausflug in die Bezirkshauptstadt Melk.Nach einer interessanten F\u00fchrung auf\u2026\u00a0<a class=\"wp-block-latest-posts__read-more\" href=\"http:\/\/vsneumarkt.ac.at\/?p=1951\" rel=\"noopener noreferrer\"><span class=\"screen-reader-text\">Melk <\/span>weiterlesen<\/a><\/div><\/li>\n<li><div class=\"wp-block-latest-posts__featured-image\"><img loading=\"lazy\" decoding=\"async\" width=\"150\" height=\"150\" src=\"http:\/\/vsneumarkt.ac.at\/wp-content\/uploads\/2025\/05\/PHOTO-2025-05-16-08-07-20-150x150.jpg\" class=\"attachment-thumbnail size-thumbnail wp-post-image\" alt=\"\" style=\"\" srcset=\"http:\/\/vsneumarkt.ac.at\/wp-content\/uploads\/2025\/05\/PHOTO-2025-05-16-08-07-20-150x150.jpg 150w, http:\/\/vsneumarkt.ac.at\/wp-content\/uploads\/2025\/05\/PHOTO-2025-05-16-08-07-20-88x88.jpg 88w\" sizes=\"auto, (max-width: 150px) 100vw, 150px\" \/><\/div><a class=\"wp-block-latest-posts__post-title\" href=\"http:\/\/vsneumarkt.ac.at\/?p=1919\">Erstkommunion<\/a><div class=\"wp-block-latest-posts__post-excerpt\">Ein besonderer Tag f\u00fcr unsere Zweitkl\u00e4ssler*innen! Am 26.4.2025 empfingen die Kinder der 2. Klassen feierlich die Heilige Kommunion. Es war\u2026\u00a0<a class=\"wp-block-latest-posts__read-more\" href=\"http:\/\/vsneumarkt.ac.at\/?p=1919\" rel=\"noopener noreferrer\"><span class=\"screen-reader-text\">Erstkommunion <\/span>weiterlesen<\/a><\/div><\/li>\n<li><div class=\"wp-block-latest-posts__featured-image\"><img loading=\"lazy\" decoding=\"async\" width=\"150\" height=\"150\" src=\"http:\/\/vsneumarkt.ac.at\/wp-content\/uploads\/2025\/05\/PHOTO-2025-05-15-14-07-21-1-150x150.jpg\" class=\"attachment-thumbnail size-thumbnail wp-post-image\" alt=\"\" style=\"\" srcset=\"http:\/\/vsneumarkt.ac.at\/wp-content\/uploads\/2025\/05\/PHOTO-2025-05-15-14-07-21-1-150x150.jpg 150w, http:\/\/vsneumarkt.ac.at\/wp-content\/uploads\/2025\/05\/PHOTO-2025-05-15-14-07-21-1-88x88.jpg 88w\" sizes=\"auto, (max-width: 150px) 100vw, 150px\" \/><\/div><a class=\"wp-block-latest-posts__post-title\" href=\"http:\/\/vsneumarkt.ac.at\/?p=1936\">Lehrausgang &#8220;Auf der Wiese&#8221;<\/a><div class=\"wp-block-latest-posts__post-excerpt\">Die 2. Klassen erkundeten bei einem Lehrausgang die bunte Vielfalt einer nahegelegenen Wiese. Im Mittelpunkt stand das Entdecken und Bestimmen\u2026\u00a0<a class=\"wp-block-latest-posts__read-more\" href=\"http:\/\/vsneumarkt.ac.at\/?p=1936\" rel=\"noopener noreferrer\"><span class=\"screen-reader-text\">Lehrausgang &#8220;Auf der Wiese&#8221; <\/span>weiterlesen<\/a><\/div><\/li>\n<li><div class=\"wp-block-latest-posts__featured-image\"><img loading=\"lazy\" decoding=\"async\" width=\"150\" height=\"150\" src=\"http:\/\/vsneumarkt.ac.at\/wp-content\/uploads\/2025\/05\/PHOTO-2025-05-14-19-40-41-1-150x150.jpg\" class=\"attachment-thumbnail size-thumbnail wp-post-image\" alt=\"\" style=\"\" srcset=\"http:\/\/vsneumarkt.ac.at\/wp-content\/uploads\/2025\/05\/PHOTO-2025-05-14-19-40-41-1-150x150.jpg 150w, http:\/\/vsneumarkt.ac.at\/wp-content\/uploads\/2025\/05\/PHOTO-2025-05-14-19-40-41-1-88x88.jpg 88w\" sizes=\"auto, (max-width: 150px) 100vw, 150px\" \/><\/div><a class=\"wp-block-latest-posts__post-title\" href=\"http:\/\/vsneumarkt.ac.at\/?p=1929\">Donaukraftwerk Ybbs Persenbeug<\/a><div class=\"wp-block-latest-posts__post-excerpt\">Die 3. Klassen besuchten das Donaukraftwerk Ybbs Persenbeug. Die Kinder begaben sich auf Schatzsuche und mussten verschiedene Aufgaben erledigen, um\u2026\u00a0<a class=\"wp-block-latest-posts__read-more\" href=\"http:\/\/vsneumarkt.ac.at\/?p=1929\" rel=\"noopener noreferrer\"><span class=\"screen-reader-text\">Donaukraftwerk Ybbs Persenbeug <\/span>weiterlesen<\/a><\/div><\/li>\n<li><div class=\"wp-block-latest-posts__featured-image\"><img loading=\"lazy\" decoding=\"async\" width=\"150\" height=\"150\" src=\"http:\/\/vsneumarkt.ac.at\/wp-content\/uploads\/2025\/05\/PHOTO-2025-05-14-13-33-29-1-150x150.jpg\" class=\"attachment-thumbnail size-thumbnail wp-post-image\" alt=\"\" style=\"\" srcset=\"http:\/\/vsneumarkt.ac.at\/wp-content\/uploads\/2025\/05\/PHOTO-2025-05-14-13-33-29-1-150x150.jpg 150w, http:\/\/vsneumarkt.ac.at\/wp-content\/uploads\/2025\/05\/PHOTO-2025-05-14-13-33-29-1-88x88.jpg 88w\" sizes=\"auto, (max-width: 150px) 100vw, 150px\" \/><\/div><a class=\"wp-block-latest-posts__post-title\" href=\"http:\/\/vsneumarkt.ac.at\/?p=1923\">Werkunterricht<\/a><div class=\"wp-block-latest-posts__post-excerpt\">Im Werkunterricht wird flei\u00dfig f\u00fcrs Vatertagsgeschenk gearbeitet. Die Kinder sind mit Eifer dabei und gehen geschickt und sicher mit dem\u2026\u00a0<a class=\"wp-block-latest-posts__read-more\" href=\"http:\/\/vsneumarkt.ac.at\/?p=1923\" rel=\"noopener noreferrer\"><span class=\"screen-reader-text\">Werkunterricht <\/span>weiterlesen<\/a><\/div><\/li>\n<li><div class=\"wp-block-latest-posts__featured-image\"><img loading=\"lazy\" decoding=\"async\" width=\"150\" height=\"150\" src=\"http:\/\/vsneumarkt.ac.at\/wp-content\/uploads\/2025\/04\/PHOTO-2025-04-25-10-40-43-150x150.jpg\" class=\"attachment-thumbnail size-thumbnail wp-post-image\" alt=\"\" style=\"\" srcset=\"http:\/\/vsneumarkt.ac.at\/wp-content\/uploads\/2025\/04\/PHOTO-2025-04-25-10-40-43-150x150.jpg 150w, http:\/\/vsneumarkt.ac.at\/wp-content\/uploads\/2025\/04\/PHOTO-2025-04-25-10-40-43-88x88.jpg 88w\" sizes=\"auto, (max-width: 150px) 100vw, 150px\" \/><\/div><a class=\"wp-block-latest-posts__post-title\" href=\"http:\/\/vsneumarkt.ac.at\/?p=1915\">Sumsicup<\/a><div class=\"wp-block-latest-posts__post-excerpt\">Wir nahmen auch dieses Jahr am Sumsicup Erima Kidscup teil. Voller Kraft und Sportgeist konnten die Schulkinder mehrere Matches f\u00fcr\u2026\u00a0<a class=\"wp-block-latest-posts__read-more\" href=\"http:\/\/vsneumarkt.ac.at\/?p=1915\" rel=\"noopener noreferrer\"><span class=\"screen-reader-text\">Sumsicup <\/span>weiterlesen<\/a><\/div><\/li>\n<li><div class=\"wp-block-latest-posts__featured-image\"><img loading=\"lazy\" decoding=\"async\" width=\"150\" height=\"150\" src=\"http:\/\/vsneumarkt.ac.at\/wp-content\/uploads\/2025\/04\/IMG_1552-150x150.jpg\" class=\"attachment-thumbnail size-thumbnail wp-post-image\" alt=\"\" style=\"\" srcset=\"http:\/\/vsneumarkt.ac.at\/wp-content\/uploads\/2025\/04\/IMG_1552-150x150.jpg 150w, http:\/\/vsneumarkt.ac.at\/wp-content\/uploads\/2025\/04\/IMG_1552-88x88.jpg 88w\" sizes=\"auto, (max-width: 150px) 100vw, 150px\" \/><\/div><a class=\"wp-block-latest-posts__post-title\" href=\"http:\/\/vsneumarkt.ac.at\/?p=1903\">Musik macht Schule<\/a><div class=\"wp-block-latest-posts__post-excerpt\">Durch die Kooperation mit der Musikschule konnten unsere Sch\u00fclerinnen und Sch\u00fcler verschiedene Instrumente ausprobieren und ihre Begeisterung f\u00fcr Musik entdecken.\u2026\u00a0<a class=\"wp-block-latest-posts__read-more\" href=\"http:\/\/vsneumarkt.ac.at\/?p=1903\" rel=\"noopener noreferrer\"><span class=\"screen-reader-text\">Musik macht Schule <\/span>weiterlesen<\/a><\/div><\/li>\n<li><div class=\"wp-block-latest-posts__featured-image\"><img loading=\"lazy\" decoding=\"async\" width=\"150\" height=\"150\" src=\"http:\/\/vsneumarkt.ac.at\/wp-content\/uploads\/2025\/04\/WhatsApp-Image-2025-04-07-at-15.26.151-150x150.jpeg\" class=\"attachment-thumbnail size-thumbnail wp-post-image\" alt=\"\" style=\"\" srcset=\"http:\/\/vsneumarkt.ac.at\/wp-content\/uploads\/2025\/04\/WhatsApp-Image-2025-04-07-at-15.26.151-150x150.jpeg 150w, http:\/\/vsneumarkt.ac.at\/wp-content\/uploads\/2025\/04\/WhatsApp-Image-2025-04-07-at-15.26.151-88x88.jpeg 88w\" sizes=\"auto, (max-width: 150px) 100vw, 150px\" \/><\/div><a class=\"wp-block-latest-posts__post-title\" href=\"http:\/\/vsneumarkt.ac.at\/?p=1893\">Osterzeit in der Nachmi<\/a><div class=\"wp-block-latest-posts__post-excerpt\">Voller Freude backen und basteln unsere Schulkinder am Nachmittag.<\/div><\/li>\n<li><div class=\"wp-block-latest-posts__featured-image\"><img loading=\"lazy\" decoding=\"async\" width=\"150\" height=\"150\" src=\"http:\/\/vsneumarkt.ac.at\/wp-content\/uploads\/2025\/04\/0dcaf98c-c001-44af-af27-16ccc218f557-150x150.jpg\" class=\"attachment-thumbnail size-thumbnail wp-post-image\" alt=\"\" style=\"\" srcset=\"http:\/\/vsneumarkt.ac.at\/wp-content\/uploads\/2025\/04\/0dcaf98c-c001-44af-af27-16ccc218f557-150x150.jpg 150w, http:\/\/vsneumarkt.ac.at\/wp-content\/uploads\/2025\/04\/0dcaf98c-c001-44af-af27-16ccc218f557-88x88.jpg 88w\" sizes=\"auto, (max-width: 150px) 100vw, 150px\" \/><\/div><a class=\"wp-block-latest-posts__post-title\" href=\"http:\/\/vsneumarkt.ac.at\/?p=1887\">Ybbsiade &#8211; Theaterbesuch<\/a><div class=\"wp-block-latest-posts__post-excerpt\">Im April besuchten wir das Theater &#8220;Aladdin&#8221; im Zuge der Ybbsiade in Ybbs. Begeistert von der schauspielerischen Leistung und dem\u2026\u00a0<a class=\"wp-block-latest-posts__read-more\" href=\"http:\/\/vsneumarkt.ac.at\/?p=1887\" rel=\"noopener noreferrer\"><span class=\"screen-reader-text\">Ybbsiade &#8211; Theaterbesuch <\/span>weiterlesen<\/a><\/div><\/li>\n<li><div class=\"wp-block-latest-posts__featured-image\"><img loading=\"lazy\" decoding=\"async\" width=\"150\" height=\"150\" src=\"http:\/\/vsneumarkt.ac.at\/wp-content\/uploads\/2025\/04\/2f416023-38e0-40b4-8888-b92e7ea24ed5-150x150.jpg\" class=\"attachment-thumbnail size-thumbnail wp-post-image\" alt=\"\" style=\"\" srcset=\"http:\/\/vsneumarkt.ac.at\/wp-content\/uploads\/2025\/04\/2f416023-38e0-40b4-8888-b92e7ea24ed5-150x150.jpg 150w, http:\/\/vsneumarkt.ac.at\/wp-content\/uploads\/2025\/04\/2f416023-38e0-40b4-8888-b92e7ea24ed5-88x88.jpg 88w\" sizes=\"auto, (max-width: 150px) 100vw, 150px\" \/><\/div><a class=\"wp-block-latest-posts__post-title\" href=\"http:\/\/vsneumarkt.ac.at\/?p=1876\">&#8220;Mein Traumzimmer im Schuhkarton&#8221;&#8230;<\/a><div class=\"wp-block-latest-posts__post-excerpt\">&#8230;hie\u00df ein Projekt im Werkunterricht. Die Kinder brachten Alltagsgegenst\u00e4nde und Schuhschachtel von zuhause mit und setzten ihre tollen Ideen geschickt\u2026\u00a0<a class=\"wp-block-latest-posts__read-more\" href=\"http:\/\/vsneumarkt.ac.at\/?p=1876\" rel=\"noopener noreferrer\"><span class=\"screen-reader-text\">&#8220;Mein Traumzimmer im Schuhkarton&#8221;&#8230; <\/span>weiterlesen<\/a><\/div><\/li>\n<li><div class=\"wp-block-latest-posts__featured-image\"><img loading=\"lazy\" decoding=\"async\" width=\"150\" height=\"150\" src=\"http:\/\/vsneumarkt.ac.at\/wp-content\/uploads\/2025\/03\/PHOTO-2025-03-07-20-51-36-150x150.jpg\" class=\"attachment-thumbnail size-thumbnail wp-post-image\" alt=\"\" style=\"\" srcset=\"http:\/\/vsneumarkt.ac.at\/wp-content\/uploads\/2025\/03\/PHOTO-2025-03-07-20-51-36-150x150.jpg 150w, http:\/\/vsneumarkt.ac.at\/wp-content\/uploads\/2025\/03\/PHOTO-2025-03-07-20-51-36-88x88.jpg 88w\" sizes=\"auto, (max-width: 150px) 100vw, 150px\" \/><\/div><a class=\"wp-block-latest-posts__post-title\" href=\"http:\/\/vsneumarkt.ac.at\/?p=1867\">Fr\u00fchjahrsputz 2025<\/a><div class=\"wp-block-latest-posts__post-excerpt\">Auch in diesem Jahr haben unsere Volksschulkinder flei\u00dfig beim Fr\u00fchjahrsputz in der Gemeinde mitgeholfen. Mit Handschuhen, M\u00fclls\u00e4cken und viel Motivation\u2026\u00a0<a class=\"wp-block-latest-posts__read-more\" href=\"http:\/\/vsneumarkt.ac.at\/?p=1867\" rel=\"noopener noreferrer\"><span class=\"screen-reader-text\">Fr\u00fchjahrsputz 2025 <\/span>weiterlesen<\/a><\/div><\/li>\n<li><div class=\"wp-block-latest-posts__featured-image\"><img loading=\"lazy\" decoding=\"async\" width=\"150\" height=\"150\" src=\"http:\/\/vsneumarkt.ac.at\/wp-content\/uploads\/2025\/03\/fotor-st-poelten-150x150.png\" class=\"attachment-thumbnail size-thumbnail wp-post-image\" alt=\"\" style=\"\" srcset=\"http:\/\/vsneumarkt.ac.at\/wp-content\/uploads\/2025\/03\/fotor-st-poelten-150x150.png 150w, http:\/\/vsneumarkt.ac.at\/wp-content\/uploads\/2025\/03\/fotor-st-poelten-88x88.png 88w\" sizes=\"auto, (max-width: 150px) 100vw, 150px\" \/><\/div><a class=\"wp-block-latest-posts__post-title\" href=\"http:\/\/vsneumarkt.ac.at\/?p=1857\">Exkursion St. P\u00f6lten<\/a><div class=\"wp-block-latest-posts__post-excerpt\">Die 4. Klassen besuchten bei Kaiserwetter die Landeshauptstadt St. P\u00f6lten. Die Kinder waren beeindruckt von der Innenstadt und dem modernen\u2026\u00a0<a class=\"wp-block-latest-posts__read-more\" href=\"http:\/\/vsneumarkt.ac.at\/?p=1857\" rel=\"noopener noreferrer\"><span class=\"screen-reader-text\">Exkursion St. P\u00f6lten <\/span>weiterlesen<\/a><\/div><\/li>\n<li><div class=\"wp-block-latest-posts__featured-image\"><img loading=\"lazy\" decoding=\"async\" width=\"150\" height=\"150\" src=\"http:\/\/vsneumarkt.ac.at\/wp-content\/uploads\/2025\/03\/PHOTO-2025-03-06-18-05-57-150x150.jpg\" class=\"attachment-thumbnail size-thumbnail wp-post-image\" alt=\"\" style=\"\" srcset=\"http:\/\/vsneumarkt.ac.at\/wp-content\/uploads\/2025\/03\/PHOTO-2025-03-06-18-05-57-150x150.jpg 150w, http:\/\/vsneumarkt.ac.at\/wp-content\/uploads\/2025\/03\/PHOTO-2025-03-06-18-05-57-88x88.jpg 88w\" sizes=\"auto, (max-width: 150px) 100vw, 150px\" \/><\/div><a class=\"wp-block-latest-posts__post-title\" href=\"http:\/\/vsneumarkt.ac.at\/?p=1843\">Fasching<\/a><div class=\"wp-block-latest-posts__post-excerpt\">Am Faschingsdienstag ging es in der Schule lustig zu. Alle Kinder kamen verkleidet. Ein Zauberer begeisterte uns mit tollen Tricks\u2026\u00a0<a class=\"wp-block-latest-posts__read-more\" href=\"http:\/\/vsneumarkt.ac.at\/?p=1843\" rel=\"noopener noreferrer\"><span class=\"screen-reader-text\">Fasching <\/span>weiterlesen<\/a><\/div><\/li>\n<li><div class=\"wp-block-latest-posts__featured-image\"><img loading=\"lazy\" decoding=\"async\" width=\"150\" height=\"150\" src=\"http:\/\/vsneumarkt.ac.at\/wp-content\/uploads\/2025\/02\/5841a3e7-6e99-479b-a64e-c382c9267501-150x150.jpg\" class=\"attachment-thumbnail size-thumbnail wp-post-image\" alt=\"\" style=\"\" srcset=\"http:\/\/vsneumarkt.ac.at\/wp-content\/uploads\/2025\/02\/5841a3e7-6e99-479b-a64e-c382c9267501-150x150.jpg 150w, http:\/\/vsneumarkt.ac.at\/wp-content\/uploads\/2025\/02\/5841a3e7-6e99-479b-a64e-c382c9267501-88x88.jpg 88w\" sizes=\"auto, (max-width: 150px) 100vw, 150px\" \/><\/div><a class=\"wp-block-latest-posts__post-title\" href=\"http:\/\/vsneumarkt.ac.at\/?p=1818\">Besuch am Gemeindeamt<\/a><div class=\"wp-block-latest-posts__post-excerpt\">Die Kinder der 3.Klassen besuchten unseren Herrn B\u00fcrgermeister am Gemeindeamt. Gut gelaunt f\u00fchrte er uns durch die R\u00e4umlichkeiten im Rathaus\u2026\u00a0<a class=\"wp-block-latest-posts__read-more\" href=\"http:\/\/vsneumarkt.ac.at\/?p=1818\" rel=\"noopener noreferrer\"><span class=\"screen-reader-text\">Besuch am Gemeindeamt <\/span>weiterlesen<\/a><\/div><\/li>\n<li><div class=\"wp-block-latest-posts__featured-image\"><img loading=\"lazy\" decoding=\"async\" width=\"150\" height=\"150\" src=\"http:\/\/vsneumarkt.ac.at\/wp-content\/uploads\/2025\/02\/IMG_0902-150x150.jpg\" class=\"attachment-thumbnail size-thumbnail wp-post-image\" alt=\"\" style=\"\" srcset=\"http:\/\/vsneumarkt.ac.at\/wp-content\/uploads\/2025\/02\/IMG_0902-150x150.jpg 150w, http:\/\/vsneumarkt.ac.at\/wp-content\/uploads\/2025\/02\/IMG_0902-88x88.jpg 88w\" sizes=\"auto, (max-width: 150px) 100vw, 150px\" \/><\/div><a class=\"wp-block-latest-posts__post-title\" href=\"http:\/\/vsneumarkt.ac.at\/?p=1811\">Autorenlesung<\/a><div class=\"wp-block-latest-posts__post-excerpt\">Im neuen Jahr durften wir die Autorin Gabrielle Rittig an unserer Schule willkommen hei\u00dfen. In einer spannenden Lesung stellte sie\u2026\u00a0<a class=\"wp-block-latest-posts__read-more\" href=\"http:\/\/vsneumarkt.ac.at\/?p=1811\" rel=\"noopener noreferrer\"><span class=\"screen-reader-text\">Autorenlesung <\/span>weiterlesen<\/a><\/div><\/li>\n<li><div class=\"wp-block-latest-posts__featured-image\"><img loading=\"lazy\" decoding=\"async\" width=\"150\" height=\"150\" src=\"http:\/\/vsneumarkt.ac.at\/wp-content\/uploads\/2025\/01\/df8b8747-3ad8-41e8-ad9e-2535623a0016-150x150.jpg\" class=\"attachment-thumbnail size-thumbnail wp-post-image\" alt=\"\" style=\"\" srcset=\"http:\/\/vsneumarkt.ac.at\/wp-content\/uploads\/2025\/01\/df8b8747-3ad8-41e8-ad9e-2535623a0016-150x150.jpg 150w, http:\/\/vsneumarkt.ac.at\/wp-content\/uploads\/2025\/01\/df8b8747-3ad8-41e8-ad9e-2535623a0016-88x88.jpg 88w\" sizes=\"auto, (max-width: 150px) 100vw, 150px\" \/><\/div><a class=\"wp-block-latest-posts__post-title\" href=\"http:\/\/vsneumarkt.ac.at\/?p=1786\">Weihnachtsfeier<\/a><div class=\"wp-block-latest-posts__post-excerpt\">Gemeinsam feierten alle Klassen und viele Eltern eine feine Weihnachtsfeier in unserem Turnsaal. Viele Sch\u00fcler und Sch\u00fclerinnen konnten Lieder, Theaterst\u00fccke\u2026\u00a0<a class=\"wp-block-latest-posts__read-more\" href=\"http:\/\/vsneumarkt.ac.at\/?p=1786\" rel=\"noopener noreferrer\"><span class=\"screen-reader-text\">Weihnachtsfeier <\/span>weiterlesen<\/a><\/div><\/li>\n<li><div class=\"wp-block-latest-posts__featured-image\"><img loading=\"lazy\" decoding=\"async\" width=\"150\" height=\"150\" src=\"http:\/\/vsneumarkt.ac.at\/wp-content\/uploads\/2025\/01\/1736095289026-150x150.jpg\" class=\"attachment-thumbnail size-thumbnail wp-post-image\" alt=\"\" style=\"\" srcset=\"http:\/\/vsneumarkt.ac.at\/wp-content\/uploads\/2025\/01\/1736095289026-150x150.jpg 150w, http:\/\/vsneumarkt.ac.at\/wp-content\/uploads\/2025\/01\/1736095289026-88x88.jpg 88w\" sizes=\"auto, (max-width: 150px) 100vw, 150px\" \/><\/div><a class=\"wp-block-latest-posts__post-title\" href=\"http:\/\/vsneumarkt.ac.at\/?p=1769\">Nikolaus<\/a><div class=\"wp-block-latest-posts__post-excerpt\">Der Nikolaus war wie jedes Jahr am 6. Dezember da. Aufgeregt und mit leuchtenden Kinderaugen pr\u00e4sentierten die Sch\u00fcler:innen unterschiedlichste Beitr\u00e4ge.<\/div><\/li>\n<li><div class=\"wp-block-latest-posts__featured-image\"><img loading=\"lazy\" decoding=\"async\" width=\"150\" height=\"150\" src=\"http:\/\/vsneumarkt.ac.at\/wp-content\/uploads\/2024\/11\/PHOTO-2024-11-28-07-03-53-150x150.jpg\" class=\"attachment-thumbnail size-thumbnail wp-post-image\" alt=\"\" style=\"\" srcset=\"http:\/\/vsneumarkt.ac.at\/wp-content\/uploads\/2024\/11\/PHOTO-2024-11-28-07-03-53-150x150.jpg 150w, http:\/\/vsneumarkt.ac.at\/wp-content\/uploads\/2024\/11\/PHOTO-2024-11-28-07-03-53-88x88.jpg 88w\" sizes=\"auto, (max-width: 150px) 100vw, 150px\" \/><\/div><a class=\"wp-block-latest-posts__post-title\" href=\"http:\/\/vsneumarkt.ac.at\/?p=1714\">Weihnachtszauber<\/a><div class=\"wp-block-latest-posts__post-excerpt\">Auch heuer wurde von der Gemeinde ein Weihnachtsbaum gespendet. Die Kinder der Nachmittagsbetreuung haben mit den Schulwartinnen und Nachmittagsbetreuerinnen den\u2026\u00a0<a class=\"wp-block-latest-posts__read-more\" href=\"http:\/\/vsneumarkt.ac.at\/?p=1714\" rel=\"noopener noreferrer\"><span class=\"screen-reader-text\">Weihnachtszauber <\/span>weiterlesen<\/a><\/div><\/li>\n<li><div class=\"wp-block-latest-posts__featured-image\"><img loading=\"lazy\" decoding=\"async\" width=\"150\" height=\"150\" src=\"http:\/\/vsneumarkt.ac.at\/wp-content\/uploads\/2024\/11\/8e2766bd-65ff-4fe3-bbb0-1647dc4f3d49-150x150.jpg\" class=\"attachment-thumbnail size-thumbnail wp-post-image\" alt=\"\" style=\"\" srcset=\"http:\/\/vsneumarkt.ac.at\/wp-content\/uploads\/2024\/11\/8e2766bd-65ff-4fe3-bbb0-1647dc4f3d49-150x150.jpg 150w, http:\/\/vsneumarkt.ac.at\/wp-content\/uploads\/2024\/11\/8e2766bd-65ff-4fe3-bbb0-1647dc4f3d49-88x88.jpg 88w\" sizes=\"auto, (max-width: 150px) 100vw, 150px\" \/><\/div><a class=\"wp-block-latest-posts__post-title\" href=\"http:\/\/vsneumarkt.ac.at\/?p=1716\">Adventkranzsegnung<\/a><div class=\"wp-block-latest-posts__post-excerpt\">Advent, Advent &#8211; ein Lichtlein brennt Mit einer sehr stimmigen Feier im Turnsaal begr\u00fc\u00dften alle Kinder und P\u00e4dagoginnen die bevorstehende\u2026\u00a0<a class=\"wp-block-latest-posts__read-more\" href=\"http:\/\/vsneumarkt.ac.at\/?p=1716\" rel=\"noopener noreferrer\"><span class=\"screen-reader-text\">Adventkranzsegnung <\/span>weiterlesen<\/a><\/div><\/li>\n<li><div class=\"wp-block-latest-posts__featured-image\"><img loading=\"lazy\" decoding=\"async\" width=\"150\" height=\"150\" src=\"http:\/\/vsneumarkt.ac.at\/wp-content\/uploads\/2024\/11\/PHOTO-2024-10-16-17-54-42-1-150x150.jpg\" class=\"attachment-thumbnail size-thumbnail wp-post-image\" alt=\"\" style=\"\" srcset=\"http:\/\/vsneumarkt.ac.at\/wp-content\/uploads\/2024\/11\/PHOTO-2024-10-16-17-54-42-1-150x150.jpg 150w, http:\/\/vsneumarkt.ac.at\/wp-content\/uploads\/2024\/11\/PHOTO-2024-10-16-17-54-42-1-88x88.jpg 88w\" sizes=\"auto, (max-width: 150px) 100vw, 150px\" \/><\/div><a class=\"wp-block-latest-posts__post-title\" href=\"http:\/\/vsneumarkt.ac.at\/?p=1705\">Buchstabentage<\/a><div class=\"wp-block-latest-posts__post-excerpt\">Im Rahmen unserer Buchstabentage in der ersten Klasse entdecken die Sch\u00fclerinnen und Sch\u00fcler spielerisch die Welt der Buchstaben. Jede Woche\u2026\u00a0<a class=\"wp-block-latest-posts__read-more\" href=\"http:\/\/vsneumarkt.ac.at\/?p=1705\" rel=\"noopener noreferrer\"><span class=\"screen-reader-text\">Buchstabentage <\/span>weiterlesen<\/a><\/div><\/li>\n<li><div class=\"wp-block-latest-posts__featured-image\"><img loading=\"lazy\" decoding=\"async\" width=\"150\" height=\"150\" src=\"http:\/\/vsneumarkt.ac.at\/wp-content\/uploads\/2024\/11\/efb98439-776b-47fd-a1c4-c36c823e443c-150x150.jpg\" class=\"attachment-thumbnail size-thumbnail wp-post-image\" alt=\"\" style=\"\" srcset=\"http:\/\/vsneumarkt.ac.at\/wp-content\/uploads\/2024\/11\/efb98439-776b-47fd-a1c4-c36c823e443c-150x150.jpg 150w, http:\/\/vsneumarkt.ac.at\/wp-content\/uploads\/2024\/11\/efb98439-776b-47fd-a1c4-c36c823e443c-88x88.jpg 88w\" sizes=\"auto, (max-width: 150px) 100vw, 150px\" \/><\/div><a class=\"wp-block-latest-posts__post-title\" href=\"http:\/\/vsneumarkt.ac.at\/?p=1694\">Bewegungslandschaften<\/a><div class=\"wp-block-latest-posts__post-excerpt\">Tolle Abwechslung f\u00fcr alle Schulstufen bereiten die vielf\u00e4ltigen Stationen im Turnsaal, die mindestens einmal im Monat aufgebaut werden. Mit fetziger\u2026\u00a0<a class=\"wp-block-latest-posts__read-more\" href=\"http:\/\/vsneumarkt.ac.at\/?p=1694\" rel=\"noopener noreferrer\"><span class=\"screen-reader-text\">Bewegungslandschaften <\/span>weiterlesen<\/a><\/div><\/li>\n<li><div class=\"wp-block-latest-posts__featured-image\"><img loading=\"lazy\" decoding=\"async\" width=\"150\" height=\"150\" src=\"http:\/\/vsneumarkt.ac.at\/wp-content\/uploads\/2024\/11\/IMG_0390-150x150.jpg\" class=\"attachment-thumbnail size-thumbnail wp-post-image\" alt=\"\" style=\"\" srcset=\"http:\/\/vsneumarkt.ac.at\/wp-content\/uploads\/2024\/11\/IMG_0390-150x150.jpg 150w, http:\/\/vsneumarkt.ac.at\/wp-content\/uploads\/2024\/11\/IMG_0390-88x88.jpg 88w\" sizes=\"auto, (max-width: 150px) 100vw, 150px\" \/><\/div><a class=\"wp-block-latest-posts__post-title\" href=\"http:\/\/vsneumarkt.ac.at\/?p=1685\">Eislaufen<\/a><div class=\"wp-block-latest-posts__post-excerpt\">Volksschule Neumarkt on ice! Im November besuchten die 2.-4. Klassen die Eishalle in Amstetten. Es war ein sportlicher und gro\u00dfartiger\u2026\u00a0<a class=\"wp-block-latest-posts__read-more\" href=\"http:\/\/vsneumarkt.ac.at\/?p=1685\" rel=\"noopener noreferrer\"><span class=\"screen-reader-text\">Eislaufen <\/span>weiterlesen<\/a><\/div><\/li>\n<li><div class=\"wp-block-latest-posts__featured-image\"><img loading=\"lazy\" decoding=\"async\" width=\"150\" height=\"150\" src=\"http:\/\/vsneumarkt.ac.at\/wp-content\/uploads\/2024\/11\/PHOTO-2024-10-25-14-32-01-150x150.jpg\" class=\"attachment-thumbnail size-thumbnail wp-post-image\" alt=\"\" style=\"\" srcset=\"http:\/\/vsneumarkt.ac.at\/wp-content\/uploads\/2024\/11\/PHOTO-2024-10-25-14-32-01-150x150.jpg 150w, http:\/\/vsneumarkt.ac.at\/wp-content\/uploads\/2024\/11\/PHOTO-2024-10-25-14-32-01-88x88.jpg 88w\" sizes=\"auto, (max-width: 150px) 100vw, 150px\" \/><\/div><a class=\"wp-block-latest-posts__post-title\" href=\"http:\/\/vsneumarkt.ac.at\/?p=1679\">Theaterfahrt<\/a><div class=\"wp-block-latest-posts__post-excerpt\">Alle Klassen besuchten in Blindenmarkt das Musical &#8220;Frau Holle&#8221;. Es war ein bezaubernder Vormittag.<\/div><\/li>\n<li><div class=\"wp-block-latest-posts__featured-image\"><img loading=\"lazy\" decoding=\"async\" width=\"150\" height=\"150\" src=\"http:\/\/vsneumarkt.ac.at\/wp-content\/uploads\/2024\/11\/IMG_0489-150x150.jpg\" class=\"attachment-thumbnail size-thumbnail wp-post-image\" alt=\"\" style=\"\" srcset=\"http:\/\/vsneumarkt.ac.at\/wp-content\/uploads\/2024\/11\/IMG_0489-150x150.jpg 150w, http:\/\/vsneumarkt.ac.at\/wp-content\/uploads\/2024\/11\/IMG_0489-88x88.jpg 88w\" sizes=\"auto, (max-width: 150px) 100vw, 150px\" \/><\/div><a class=\"wp-block-latest-posts__post-title\" href=\"http:\/\/vsneumarkt.ac.at\/?p=1676\">Besuch im Schul- und Heimatmuseum<\/a><div class=\"wp-block-latest-posts__post-excerpt\">Die 3. Klassen besuchten im Herbst das Schul- und Heimatmuseum in Neumarkt.<\/div><\/li>\n<li><div class=\"wp-block-latest-posts__featured-image\"><img loading=\"lazy\" decoding=\"async\" width=\"150\" height=\"150\" src=\"http:\/\/vsneumarkt.ac.at\/wp-content\/uploads\/2024\/11\/PHOTO-2024-10-25-15-44-06-1-150x150.jpg\" class=\"attachment-thumbnail size-thumbnail wp-post-image\" alt=\"\" style=\"\" srcset=\"http:\/\/vsneumarkt.ac.at\/wp-content\/uploads\/2024\/11\/PHOTO-2024-10-25-15-44-06-1-150x150.jpg 150w, http:\/\/vsneumarkt.ac.at\/wp-content\/uploads\/2024\/11\/PHOTO-2024-10-25-15-44-06-1-88x88.jpg 88w\" sizes=\"auto, (max-width: 150px) 100vw, 150px\" \/><\/div><a class=\"wp-block-latest-posts__post-title\" href=\"http:\/\/vsneumarkt.ac.at\/?p=1655\">Der Herbst schmeckt nach K\u00fcrbis<\/a><div class=\"wp-block-latest-posts__post-excerpt\">Unser Herr B\u00fcrgermeister stattete uns einen Besuch ab und kochte mit den Kindern eine K\u00fcrbissuppe. Wir m\u00f6chten uns recht herzlich\u2026\u00a0<a class=\"wp-block-latest-posts__read-more\" href=\"http:\/\/vsneumarkt.ac.at\/?p=1655\" rel=\"noopener noreferrer\"><span class=\"screen-reader-text\">Der Herbst schmeckt nach K\u00fcrbis <\/span>weiterlesen<\/a><\/div><\/li>\n<li><div class=\"wp-block-latest-posts__featured-image\"><img loading=\"lazy\" decoding=\"async\" width=\"150\" height=\"150\" src=\"http:\/\/vsneumarkt.ac.at\/wp-content\/uploads\/2024\/10\/b17d1ebf-59b3-4504-91f2-22ffc07cb3c2-fotor-2024102812527-150x150.jpg\" class=\"attachment-thumbnail size-thumbnail wp-post-image\" alt=\"\" style=\"\" srcset=\"http:\/\/vsneumarkt.ac.at\/wp-content\/uploads\/2024\/10\/b17d1ebf-59b3-4504-91f2-22ffc07cb3c2-fotor-2024102812527-150x150.jpg 150w, http:\/\/vsneumarkt.ac.at\/wp-content\/uploads\/2024\/10\/b17d1ebf-59b3-4504-91f2-22ffc07cb3c2-fotor-2024102812527-88x88.jpg 88w\" sizes=\"auto, (max-width: 150px) 100vw, 150px\" \/><\/div><a class=\"wp-block-latest-posts__post-title\" href=\"http:\/\/vsneumarkt.ac.at\/?p=1645\">Wandertage im Herbst<\/a><div class=\"wp-block-latest-posts__post-excerpt\">Herbstzeit ist Wanderzeit! Wir nutzten das herrliche Wetter und marschierten durch die bunte Natur. Die 1. Klassen wanderten zur H\u00e4ngebr\u00fccke\u2026\u00a0<a class=\"wp-block-latest-posts__read-more\" href=\"http:\/\/vsneumarkt.ac.at\/?p=1645\" rel=\"noopener noreferrer\"><span class=\"screen-reader-text\">Wandertage im Herbst <\/span>weiterlesen<\/a><\/div><\/li>\n<li><div class=\"wp-block-latest-posts__featured-image\"><img loading=\"lazy\" decoding=\"async\" width=\"150\" height=\"150\" src=\"http:\/\/vsneumarkt.ac.at\/wp-content\/uploads\/2024\/10\/949384e9-12ae-4c5e-b5dc-df1792451b9b-150x150.jpg\" class=\"attachment-thumbnail size-thumbnail wp-post-image\" alt=\"\" style=\"\" srcset=\"http:\/\/vsneumarkt.ac.at\/wp-content\/uploads\/2024\/10\/949384e9-12ae-4c5e-b5dc-df1792451b9b-150x150.jpg 150w, http:\/\/vsneumarkt.ac.at\/wp-content\/uploads\/2024\/10\/949384e9-12ae-4c5e-b5dc-df1792451b9b-88x88.jpg 88w\" sizes=\"auto, (max-width: 150px) 100vw, 150px\" \/><\/div><a class=\"wp-block-latest-posts__post-title\" href=\"http:\/\/vsneumarkt.ac.at\/?p=1625\">Lesefreundschaften<\/a><div class=\"wp-block-latest-posts__post-excerpt\">Der Beginn einer sch\u00f6nen Lesefreundschaft in der ersten und dritten Klasse. Die Kinder lesen sich gegenseitig vor und motivieren sich.\u2026\u00a0<a class=\"wp-block-latest-posts__read-more\" href=\"http:\/\/vsneumarkt.ac.at\/?p=1625\" rel=\"noopener noreferrer\"><span class=\"screen-reader-text\">Lesefreundschaften <\/span>weiterlesen<\/a><\/div><\/li>\n<li><div class=\"wp-block-latest-posts__featured-image\"><img loading=\"lazy\" decoding=\"async\" width=\"150\" height=\"150\" src=\"http:\/\/vsneumarkt.ac.at\/wp-content\/uploads\/2024\/10\/WhatsApp-Image-2024-10-25-at-11.14.012-150x150.jpeg\" class=\"attachment-thumbnail size-thumbnail wp-post-image\" alt=\"\" style=\"\" srcset=\"http:\/\/vsneumarkt.ac.at\/wp-content\/uploads\/2024\/10\/WhatsApp-Image-2024-10-25-at-11.14.012-150x150.jpeg 150w, http:\/\/vsneumarkt.ac.at\/wp-content\/uploads\/2024\/10\/WhatsApp-Image-2024-10-25-at-11.14.012-88x88.jpeg 88w\" sizes=\"auto, (max-width: 150px) 100vw, 150px\" \/><\/div><a class=\"wp-block-latest-posts__post-title\" href=\"http:\/\/vsneumarkt.ac.at\/?p=1616\">Pilze<\/a><div class=\"wp-block-latest-posts__post-excerpt\">Unsere 4a besch\u00e4ftigte sich im Rahmen des Sachunterrichts mit der Welt der Pilze.<\/div><\/li>\n<li><div class=\"wp-block-latest-posts__featured-image\"><img loading=\"lazy\" decoding=\"async\" width=\"150\" height=\"150\" src=\"http:\/\/vsneumarkt.ac.at\/wp-content\/uploads\/2024\/10\/Blaeserklasse-verpixelt-150x150.jpg\" class=\"attachment-thumbnail size-thumbnail wp-post-image\" alt=\"\" style=\"\" srcset=\"http:\/\/vsneumarkt.ac.at\/wp-content\/uploads\/2024\/10\/Blaeserklasse-verpixelt-150x150.jpg 150w, http:\/\/vsneumarkt.ac.at\/wp-content\/uploads\/2024\/10\/Blaeserklasse-verpixelt-88x88.jpg 88w\" sizes=\"auto, (max-width: 150px) 100vw, 150px\" \/><\/div><a class=\"wp-block-latest-posts__post-title\" href=\"http:\/\/vsneumarkt.ac.at\/?p=1610\">Bl\u00e4serklasse<\/a><div class=\"wp-block-latest-posts__post-excerpt\">Wir starten wieder durch!<\/div><\/li>\n<li><div class=\"wp-block-latest-posts__featured-image\"><img loading=\"lazy\" decoding=\"async\" width=\"150\" height=\"150\" src=\"http:\/\/vsneumarkt.ac.at\/wp-content\/uploads\/2024\/10\/IMG_20241004_085709-1-150x150.jpg\" class=\"attachment-thumbnail size-thumbnail wp-post-image\" alt=\"\" style=\"\" srcset=\"http:\/\/vsneumarkt.ac.at\/wp-content\/uploads\/2024\/10\/IMG_20241004_085709-1-150x150.jpg 150w, http:\/\/vsneumarkt.ac.at\/wp-content\/uploads\/2024\/10\/IMG_20241004_085709-1-88x88.jpg 88w\" sizes=\"auto, (max-width: 150px) 100vw, 150px\" \/><\/div><a class=\"wp-block-latest-posts__post-title\" href=\"http:\/\/vsneumarkt.ac.at\/?p=1620\">Gemeinsam stark werden<\/a><div class=\"wp-block-latest-posts__post-excerpt\">Passend zu unserem Schwerpunkt besuchte uns Frau Weidinger zu einer Schnupperstunde &#8211; STARKKLAR: Selbstverteidigung beginnt im Kopf.<\/div><\/li>\n<li><div class=\"wp-block-latest-posts__featured-image\"><img loading=\"lazy\" decoding=\"async\" width=\"150\" height=\"150\" src=\"http:\/\/vsneumarkt.ac.at\/wp-content\/uploads\/2024\/09\/20240906_124927000_iOS-150x150.jpg\" class=\"attachment-thumbnail size-thumbnail wp-post-image\" alt=\"\" style=\"\" srcset=\"http:\/\/vsneumarkt.ac.at\/wp-content\/uploads\/2024\/09\/20240906_124927000_iOS-150x150.jpg 150w, http:\/\/vsneumarkt.ac.at\/wp-content\/uploads\/2024\/09\/20240906_124927000_iOS-88x88.jpg 88w\" sizes=\"auto, (max-width: 150px) 100vw, 150px\" \/><\/div><a class=\"wp-block-latest-posts__post-title\" href=\"http:\/\/vsneumarkt.ac.at\/?p=1526\">Wir sind 1.Klasse<\/a><div class=\"wp-block-latest-posts__post-excerpt\">Es geht wieder los! Bei sommerlichen Temperaturen und gut erholt sind wir alle fr\u00f6hlich ins neue Schuljahr gestartet. Besonders f\u00fcr\u2026\u00a0<a class=\"wp-block-latest-posts__read-more\" href=\"http:\/\/vsneumarkt.ac.at\/?p=1526\" rel=\"noopener noreferrer\"><span class=\"screen-reader-text\">Wir sind 1.Klasse <\/span>weiterlesen<\/a><\/div><\/li>\n<li><div class=\"wp-block-latest-posts__featured-image\"><img loading=\"lazy\" decoding=\"async\" width=\"150\" height=\"150\" src=\"http:\/\/vsneumarkt.ac.at\/wp-content\/uploads\/2024\/12\/IMG_1392-150x150.jpg\" class=\"attachment-thumbnail size-thumbnail wp-post-image\" alt=\"\" style=\"\" srcset=\"http:\/\/vsneumarkt.ac.at\/wp-content\/uploads\/2024\/12\/IMG_1392-150x150.jpg 150w, http:\/\/vsneumarkt.ac.at\/wp-content\/uploads\/2024\/12\/IMG_1392-88x88.jpg 88w\" sizes=\"auto, (max-width: 150px) 100vw, 150px\" \/><\/div><a class=\"wp-block-latest-posts__post-title\" href=\"http:\/\/vsneumarkt.ac.at\/?p=1728\">Herbstfest<\/a><div class=\"wp-block-latest-posts__post-excerpt\">Auch im Jubil\u00e4umsjahr durfte das Schulkaffee beim Herbstfest nicht fehlen. Eltern, Kinder und das Team der VS Neumarkt waren flei\u00dfig\u2026\u00a0<a class=\"wp-block-latest-posts__read-more\" href=\"http:\/\/vsneumarkt.ac.at\/?p=1728\" rel=\"noopener noreferrer\"><span class=\"screen-reader-text\">Herbstfest <\/span>weiterlesen<\/a><\/div><\/li>\n<li><div class=\"wp-block-latest-posts__featured-image\"><img loading=\"lazy\" decoding=\"async\" width=\"150\" height=\"150\" src=\"http:\/\/vsneumarkt.ac.at\/wp-content\/uploads\/2024\/07\/IMG-20240628-WA0013-150x150.jpg\" class=\"attachment-thumbnail size-thumbnail wp-post-image\" alt=\"\" style=\"\" srcset=\"http:\/\/vsneumarkt.ac.at\/wp-content\/uploads\/2024\/07\/IMG-20240628-WA0013-150x150.jpg 150w, http:\/\/vsneumarkt.ac.at\/wp-content\/uploads\/2024\/07\/IMG-20240628-WA0013-88x88.jpg 88w\" sizes=\"auto, (max-width: 150px) 100vw, 150px\" \/><\/div><a class=\"wp-block-latest-posts__post-title\" href=\"http:\/\/vsneumarkt.ac.at\/?p=1504\">Verabschiedung von unseren Kolleginnen<\/a><div class=\"wp-block-latest-posts__post-excerpt\"><\/div><\/li>\n<li><div class=\"wp-block-latest-posts__featured-image\"><img loading=\"lazy\" decoding=\"async\" width=\"150\" height=\"150\" src=\"http:\/\/vsneumarkt.ac.at\/wp-content\/uploads\/2024\/06\/20240614_122334000_iOS-1-150x150.jpg\" class=\"attachment-thumbnail size-thumbnail wp-post-image\" alt=\"\" style=\"\" srcset=\"http:\/\/vsneumarkt.ac.at\/wp-content\/uploads\/2024\/06\/20240614_122334000_iOS-1-150x150.jpg 150w, http:\/\/vsneumarkt.ac.at\/wp-content\/uploads\/2024\/06\/20240614_122334000_iOS-1-88x88.jpg 88w\" sizes=\"auto, (max-width: 150px) 100vw, 150px\" \/><\/div><a class=\"wp-block-latest-posts__post-title\" href=\"http:\/\/vsneumarkt.ac.at\/?p=1429\">&#8220;Aufhorchen &#8211; Festival&#8221;<\/a><div class=\"wp-block-latest-posts__post-excerpt\">Das Festival &#8220;Aufhorchen&#8221; war in diesem Schuljahr ein besonderes Highlight. Mit einem fulminanten musikalischen Programm konnten wir die Besucher und\u2026\u00a0<a class=\"wp-block-latest-posts__read-more\" href=\"http:\/\/vsneumarkt.ac.at\/?p=1429\" rel=\"noopener noreferrer\"><span class=\"screen-reader-text\">&#8220;Aufhorchen &#8211; Festival&#8221; <\/span>weiterlesen<\/a><\/div><\/li>\n<li><div class=\"wp-block-latest-posts__featured-image\"><img loading=\"lazy\" decoding=\"async\" width=\"150\" height=\"150\" src=\"http:\/\/vsneumarkt.ac.at\/wp-content\/uploads\/2024\/06\/20240606_193202000_iOS-150x150.jpg\" class=\"attachment-thumbnail size-thumbnail wp-post-image\" alt=\"\" style=\"\" srcset=\"http:\/\/vsneumarkt.ac.at\/wp-content\/uploads\/2024\/06\/20240606_193202000_iOS-150x150.jpg 150w, http:\/\/vsneumarkt.ac.at\/wp-content\/uploads\/2024\/06\/20240606_193202000_iOS-88x88.jpg 88w\" sizes=\"auto, (max-width: 150px) 100vw, 150px\" \/><\/div><a class=\"wp-block-latest-posts__post-title\" href=\"http:\/\/vsneumarkt.ac.at\/?p=1392\">Lesedinner der 3. Klassen<\/a><div class=\"wp-block-latest-posts__post-excerpt\">Die dritten Klassen verbrachten einen sch\u00f6nen Leseabend im Schulgarten. Es wurde eifrig geschm\u00f6kert und gespielt. Als kr\u00f6nenden Abschluss gab es\u2026\u00a0<a class=\"wp-block-latest-posts__read-more\" href=\"http:\/\/vsneumarkt.ac.at\/?p=1392\" rel=\"noopener noreferrer\"><span class=\"screen-reader-text\">Lesedinner der 3. Klassen <\/span>weiterlesen<\/a><\/div><\/li>\n<li><div class=\"wp-block-latest-posts__featured-image\"><img loading=\"lazy\" decoding=\"async\" width=\"150\" height=\"150\" src=\"http:\/\/vsneumarkt.ac.at\/wp-content\/uploads\/2024\/07\/20240610_145621000_iOS-150x150.jpg\" class=\"attachment-thumbnail size-thumbnail wp-post-image\" alt=\"\" style=\"\" srcset=\"http:\/\/vsneumarkt.ac.at\/wp-content\/uploads\/2024\/07\/20240610_145621000_iOS-150x150.jpg 150w, http:\/\/vsneumarkt.ac.at\/wp-content\/uploads\/2024\/07\/20240610_145621000_iOS-88x88.jpg 88w\" sizes=\"auto, (max-width: 150px) 100vw, 150px\" \/><\/div><a class=\"wp-block-latest-posts__post-title\" href=\"http:\/\/vsneumarkt.ac.at\/?p=1388\">Zeichenwettbewerb &#8220;Save the planet&#8221;<\/a><div class=\"wp-block-latest-posts__post-excerpt\">Ganz unter dem Motto &#8220;Save the planet&#8221; &#8211; &#8220;Sch\u00fctzt unsere Erde&#8221; stand der diesj\u00e4hrige Zeichenwettbewerb der Raffeisenbank. Die drei besten\u2026\u00a0<a class=\"wp-block-latest-posts__read-more\" href=\"http:\/\/vsneumarkt.ac.at\/?p=1388\" rel=\"noopener noreferrer\"><span class=\"screen-reader-text\">Zeichenwettbewerb &#8220;Save the planet&#8221; <\/span>weiterlesen<\/a><\/div><\/li>\n<li><div class=\"wp-block-latest-posts__featured-image\"><img loading=\"lazy\" decoding=\"async\" width=\"150\" height=\"150\" src=\"http:\/\/vsneumarkt.ac.at\/wp-content\/uploads\/2024\/03\/WhatsApp-Image-2024-03-08-at-13.17.27-150x150.jpeg\" class=\"attachment-thumbnail size-thumbnail wp-post-image\" alt=\"\" style=\"\" srcset=\"http:\/\/vsneumarkt.ac.at\/wp-content\/uploads\/2024\/03\/WhatsApp-Image-2024-03-08-at-13.17.27-150x150.jpeg 150w, http:\/\/vsneumarkt.ac.at\/wp-content\/uploads\/2024\/03\/WhatsApp-Image-2024-03-08-at-13.17.27-88x88.jpeg 88w\" sizes=\"auto, (max-width: 150px) 100vw, 150px\" \/><\/div><a class=\"wp-block-latest-posts__post-title\" href=\"http:\/\/vsneumarkt.ac.at\/?p=1234\">Fr\u00fchjahrsputz<\/a><div class=\"wp-block-latest-posts__post-excerpt\">Auch in diesem Jahr haben die Sch\u00fclerinnen und Sch\u00fcler beim Umwelttag der Marktgemeinde mitgemacht. Die Kinder waren mit gro\u00dfer Freude\u2026\u00a0<a class=\"wp-block-latest-posts__read-more\" href=\"http:\/\/vsneumarkt.ac.at\/?p=1234\" rel=\"noopener noreferrer\"><span class=\"screen-reader-text\">Fr\u00fchjahrsputz <\/span>weiterlesen<\/a><\/div><\/li>\n<\/ul><\/div><\/div>\n<\/div>\n<\/div>\n<\/div><\/div>\n\n\n\n<hr class=\"wp-block-separator has-alpha-channel-opacity\"\/>\n\n\n\n<p class=\"has-small-font-size\"><a href=\"http:\/\/vsneumarkt.ac.at\/?page_id=155\" data-type=\"page\" data-id=\"155\">nach oben&#8230;<\/a><br><a href=\"http:\/\/vsneumarkt.ac.at\/\" data-type=\"page\" data-id=\"17\">Startseite&#8230;<\/a><\/p>\n","protected":false},"excerpt":{"rendered":"<p>nach oben&#8230;Startseite&#8230;<\/p>\n","protected":false},"author":1,"featured_media":0,"parent":0,"menu_order":0,"comment_status":"closed","ping_status":"closed","template":"","meta":{"ngg_post_thumbnail":0,"footnotes":""},"class_list":["post-1467","page","type-page","status-publish","hentry"],"_links":{"self":[{"href":"http:\/\/vsneumarkt.ac.at\/index.php?rest_route=\/wp\/v2\/pages\/1467","targetHints":{"allow":["GET"]}}],"collection":[{"href":"http:\/\/vsneumarkt.ac.at\/index.php?rest_route=\/wp\/v2\/pages"}],"about":[{"href":"http:\/\/vsneumarkt.ac.at\/index.php?rest_route=\/wp\/v2\/types\/page"}],"author":[{"embeddable":true,"href":"http:\/\/vsneumarkt.ac.at\/index.php?rest_route=\/wp\/v2\/users\/1"}],"replies":[{"embeddable":true,"href":"http:\/\/vsneumarkt.ac.at\/index.php?rest_route=%2Fwp%2Fv2%2Fcomments&post=1467"}],"version-history":[{"count":3,"href":"http:\/\/vsneumarkt.ac.at\/index.php?rest_route=\/wp\/v2\/pages\/1467\/revisions"}],"predecessor-version":[{"id":2012,"href":"http:\/\/vsneumarkt.ac.at\/index.php?rest_route=\/wp\/v2\/pages\/1467\/revisions\/2012"}],"wp:attachment":[{"href":"http:\/\/vsneumarkt.ac.at\/index.php?rest_route=%2Fwp%2Fv2%2Fmedia&parent=1467"}],"curies":[{"name":"wp","href":"https:\/\/api.w.org\/{rel}","templated":true}]}}